{"id":2359,"date":"2015-03-13T11:22:09","date_gmt":"2015-03-13T11:22:09","guid":{"rendered":"http:\/\/demo-content.kaliumtheme.com\/architecture\/?page_id=2359"},"modified":"2018-05-26T16:47:54","modified_gmt":"2018-05-26T14:47:54","slug":"studio","status":"publish","type":"page","link":"https:\/\/sbau.archi\/index.php\/studio\/","title":{"rendered":"Architeckturb\u00fcro"},"content":{"rendered":"<p>[vc_row][vc_column reveal_effect=\u00a0\u00bbfadeIn\u00a0\u00bb reveal_duration=\u00a0\u00bb0.7&Prime;][lab_heading title=\u00a0\u00bbArchiteckturb\u00fcro\u00a0\u00bb css=\u00a0\u00bb.vc_custom_1527341407223{padding-top: 50px !important;padding-bottom: 50px !important;}\u00a0\u00bb]SBAU est une agence d\u2019architecture et d\u2019urbanisme qui exerce en France et au Luxembourg. [\/lab_heading][\/vc_column][\/vc_row][vc_row full_width=\u00a0\u00bbstretch_row_content_no_spaces\u00a0\u00bb parallax_enable=\u00a0\u00bbyes\u00a0\u00bb parallax_ratio=\u00a0\u00bb0.7&Prime; css=\u00a0\u00bb.vc_custom_1481639170902{margin-bottom: 0px !important;}\u00a0\u00bb][vc_column width=\u00a0\u00bb1\/2&Prime; reveal_effect=\u00a0\u00bbfadeIn\u00a0\u00bb reveal_duration=\u00a0\u00bb1&Prime; css=\u00a0\u00bb.vc_custom_1484297511165{margin-right: 0px !important;padding-right: 0px !important;}\u00a0\u00bb offset=\u00a0\u00bbvc_col-xs-12&Prime;][vc_single_image image=\u00a0\u00bb3778&Prime; img_size=\u00a0\u00bb400&#215;800&Prime; alignment=\u00a0\u00bbright\u00a0\u00bb css=\u00a0\u00bb.vc_custom_1527346068671{margin-bottom: 0px !important;}\u00a0\u00bb][\/vc_column][vc_column width=\u00a0\u00bb1\/2&Prime; reveal_effect=\u00a0\u00bbfadeIn\u00a0\u00bb css=\u00a0\u00bb.vc_custom_1428001406234{margin-left: 0px !important;padding-left: 0px !important;background-color: #ffffff !important;}\u00a0\u00bb reveal_duration=\u00a0\u00bb1&Prime;][lab_service_box css=\u00a0\u00bb.vc_custom_1428002404629{padding-top: 0px !important;padding-right: 65px !important;padding-bottom: 0px !important;padding-left: 65px !important;}\u00a0\u00bb][lab_service_box_content title=\u00a0\u00bbArchitectes associ\u00e9s\u00a0\u00bb][lab_service_box_content description=\u00a0\u00bbPhilippe Schaetzel, architecte DPLG, co-g\u00e9rant\u00a0\u00bb][lab_service_box_content description=\u00a0\u00bbPierre Bohrer, architecte DPLG, co-g\u00e9rant\u00a0\u00bb][\/lab_service_box][lab_service_box css=\u00a0\u00bb.vc_custom_1428002410974{margin-right: 0px !important;margin-left: 0px !important;padding-top: 0px !important;padding-right: 65px !important;padding-bottom: 0px !important;padding-left: 65px !important;}\u00a0\u00bb][lab_service_box_content title=\u00a0\u00bbArchitectes\u00a0\u00bb][lab_service_box_content description=\u00a0\u00bbCaroline Basso, architecte DPLG\u00a0\u00bb][lab_service_box_content description=\u00a0\u00bbRodica Suteu, architecte\u00a0\u00bb][lab_service_box_content description=\u00a0\u00bbYoungnan Yoo, architecte HMNOP\u00a0\u00bb][\/lab_service_box][lab_service_box css=\u00a0\u00bb.vc_custom_1428002416486{padding-top: 0px !important;padding-right: 65px !important;padding-bottom: 0px !important;padding-left: 65px !important;}\u00a0\u00bb][lab_service_box_content title=\u00a0\u00bbAssistant projet\u00a0\u00bb][lab_service_box_content description=\u00a0\u00bbMarion Muller, architecte d&rsquo;int\u00e9rieur\u00a0\u00bb][\/lab_service_box][lab_service_box css=\u00a0\u00bb.vc_custom_1428002416486{padding-top: 0px !important;padding-right: 65px !important;padding-bottom: 0px !important;padding-left: 65px !important;}\u00a0\u00bb][lab_service_box_content title=\u00a0\u00bbAdministration\u00a0\u00bb][lab_service_box_content description=\u00a0\u00bbC\u00e9cile Stahl, assistante de direction et gestion\u00a0\u00bb][\/lab_service_box][lab_service_box css=\u00a0\u00bb.vc_custom_1428002416486{padding-top: 0px !important;padding-right: 65px !important;padding-bottom: 0px !important;padding-left: 65px !important;}\u00a0\u00bb][lab_service_box_content title=\u00a0\u00bbEmplois et stages\u00a0\u00bb description=\u00a0\u00bbPour le p\u00f4le \u00e9tudes, nous cherchons des architectes maitrisant Revit et le BIM, minimum 3 ans d\u2019exp\u00e9riences.<br \/>\nPour le p\u00f4le chantier, nous cherchons des architectes ou techniciens, minimum 5 ans d\u2019exp\u00e9riences.<\/p>\n<p>Nous accueillons r\u00e9guli\u00e8rement des \u00e9tudiants en architecture, design, BTS dans le cadre de stages et de formations diplomantes comme la HMNOP.<\/p>\n<p>Veuillez envoyer vos CV et book num\u00e9rique \u00e0<br \/>\n\u00a0\u00bb link=\u00a0\u00bb|||\u00a0\u00bb][lab_service_box_content][lab_service_box_content link=\u00a0\u00bburl:mailto%3Aarchi%40sbau.archi%20|title:archi%40sbau.archi%20||rel:nofollow\u00a0\u00bb title=\u00a0\u00bbarchi@sbau.archi\u00a0\u00bb][\/lab_service_box][\/vc_column][\/vc_row][vc_row full_width=\u00a0\u00bbstretch_row_content_no_spaces\u00a0\u00bb parallax_enable=\u00a0\u00bbyes\u00a0\u00bb parallax_ratio=\u00a0\u00bb0.9&Prime; css=\u00a0\u00bb.vc_custom_1481639182804{margin-bottom: 0px !important;}\u00a0\u00bb][vc_column width=\u00a0\u00bb1\/2&Prime; reveal_effect=\u00a0\u00bbfadeIn\u00a0\u00bb reveal_duration=\u00a0\u00bb1&Prime; css=\u00a0\u00bb.vc_custom_1428001859898{padding: 65px !important;background-color: #ffffff !important;}\u00a0\u00bb][vc_custom_heading text=\u00a0\u00bbPhilosophie et d\u00e9marche\u00a0\u00bb font_container=\u00a0\u00bbtag:h2|font_size:50px|text_align:left|color:%23666666|line_height:60px\u00a0\u00bb google_fonts=\u00a0\u00bbfont_family:Open%20Sans%3A300%2C300italic%2Cregular%2Citalic%2C600%2C600italic%2C700%2C700italic%2C800%2C800italic|font_style:300%20light%20italic%3A300%3Aitalic\u00a0\u00bb][vc_row_inner][vc_column_inner][\/vc_column_inner][\/vc_row_inner][vc_column_text]Implant\u00e9e \u00e0 Strasbourg, SBAU regroupe les comp\u00e9tences de la maitrise d\u2019oeuvre, de la conception architecturale, de l\u2019\u00e9conomie de la construction, et de la direction de chantier, autour de Philippe Schaetzel et Pierre Bohrer, architectes associ\u00e9s, qui ont fond\u00e9 la soci\u00e9t\u00e9 d\u2019Architecture en 1999 (initialement d\u00e9nomm\u00e9e MGD).<\/p>\n<p>SBAU est mandataire d\u2019\u00e9quipe de maitrise d\u2019oeuvre, et collabore \u00e9galement avec des agences d\u2019architectures nationales ou internationales, et d\u00e9veloppe un partenariat privil\u00e9gi\u00e9 avec des bureaux d\u2019\u00e9tudes sp\u00e9cialis\u00e9s, avec qui nous avons une synergie de travail.<\/p>\n<p>Notre m\u00e9thodologie repose sur une approche globale du projet, qui va de la ville jusqu\u2019au b\u00e2timent et ses d\u00e9tails. Notre \u00e9criture architecturale est contextuelle, dans un soucis de coh\u00e9rence, de justesse et d\u2019harmonie du projet int\u00e9gr\u00e9 \u00e0 son environnement.<\/p>\n<p>SBAU intervient principalement dans les domaines du scolaire, de la culture, du logement et du commerce.<\/p>\n<p>L\u2019ensemble des projets de l\u2019agence est abord\u00e9 sous l\u2019angle du d\u00e9veloppement durable, de la haute qualit\u00e9 environnementale, et de la basse consommation \u00e9nerg\u00e9tique.<\/p>\n<p>SBAU d\u00e9veloppe ses projets en maquette num\u00e9rique BIM sur l\u2019ensemble des phases de la maitrise d\u2019oeuvre, afin de livrer en m\u00eame temps que le b\u00e2timent, un dossier des ouvrages ex\u00e9cut\u00e9s pour la maintenance du b\u00e2timent.[\/vc_column_text][\/vc_column][vc_column width=\u00a0\u00bb1\/2&Prime; reveal_effect=\u00a0\u00bbfadeIn\u00a0\u00bb reveal_duration=\u00a0\u00bb1&Prime;][vc_single_image image=\u00a0\u00bb3660&Prime; img_size=\u00a0\u00bbfull\u00a0\u00bb css=\u00a0\u00bb.vc_custom_1484227695834{margin-bottom: 0px !important;}\u00a0\u00bb][\/vc_column][\/vc_row][vc_row full_width=\u00a0\u00bbstretch_row_content_no_spaces\u00a0\u00bb css=\u00a0\u00bb.vc_custom_1481639188309{margin-bottom: 0px !important;background-color: #ffffff !important;}\u00a0\u00bb][vc_column width=\u00a0\u00bb1\/2&Prime; reveal_effect=\u00a0\u00bbfadeIn\u00a0\u00bb reveal_duration=\u00a0\u00bb1&Prime;][vc_single_image image=\u00a0\u00bb3667&Prime; img_size=\u00a0\u00bbfull\u00a0\u00bb css=\u00a0\u00bb.vc_custom_1484227713507{margin-bottom: 0px !important;}\u00a0\u00bb][\/vc_column][vc_column width=\u00a0\u00bb1\/2&Prime; reveal_effect=\u00a0\u00bbfadeIn\u00a0\u00bb reveal_duration=\u00a0\u00bb1&Prime; css=\u00a0\u00bb.vc_custom_1464351220435{padding-top: 65px !important;padding-right: 65px !important;padding-bottom: 65px !important;padding-left: 65px !important;background-color: #ffffff !important;}\u00a0\u00bb][vc_custom_heading text=\u00a0\u00bbBiographie\u00a0\u00bb font_container=\u00a0\u00bbtag:h2|font_size:50px|text_align:left|color:%23666666&Prime; google_fonts=\u00a0\u00bbfont_family:Open%20Sans%3A300%2C300italic%2Cregular%2Citalic%2C600%2C600italic%2C700%2C700italic%2C800%2C800italic|font_style:300%20light%20italic%3A300%3Aitalic\u00a0\u00bb][vc_row_inner][vc_column_inner][\/vc_column_inner][\/vc_row_inner][vc_column_text]Philippe Schaetzel et Pierre Bohrer se sont connus sur les bancs de l\u2019\u00e9cole d\u2019Architecture de Strasbourg, o\u00f9 ils ont cr\u00e9\u00e9 un groupe de travail, nomm\u00e9 XZhome, autour de l&rsquo;interdisciplinarit\u00e9, des outils num\u00e9riques \u00e9mergents, de la r\u00e9alit\u00e9 virtuelle, et des transformations du m\u00e9tier d\u2019Architecte.<\/p>\n<p>C\u2019est l\u2019acte fondateur de l\u2019agence, apr\u00e8s leurs dipl\u00f4mes et diverses exp\u00e9riences dans des agences nationales et internationales. Philippe Schaetzel a notamment travaill\u00e9 sur le chantier du Parlement Europ\u00e9en \u00e0 Strasbourg. Pierre Bohrer a quant \u00e0 lui travaill\u00e9 en Asie du Sud-est sur des grands projets d\u2019urbanisme, de gratte-ciels et de b\u00e2timents bioclimatiques.<\/p>\n<p>Philippe Schaetzel et Pierre Bohrer ont \u00e9t\u00e9 enseignants \u00e0 l\u2019\u00e9cole d\u2019Architecture de Strasbourg. Pierre Bohrer a \u00e9galement enseign\u00e9s \u00e0 l\u2019\u00e9cole des Arts d\u00e9coratifs de Strasbourg.<\/p>\n<p>Aujourd\u2019hui ils sont totalement investi dans SBAU, qui est pour eux, un outil d\u2019exp\u00e9rimentation, de d\u00e9veloppement et de transformation potentielle de notre soci\u00e9t\u00e9 et de son cadre de vie.[\/vc_column_text][\/vc_column][\/vc_row]<\/p>\n","protected":false},"excerpt":{"rendered":"<p>[vc_row][vc_column reveal_effect=\u00a0\u00bbfadeIn\u00a0\u00bb reveal_duration=\u00a0\u00bb0.7&Prime;][lab_heading title=\u00a0\u00bbArchiteckturb\u00fcro\u00a0\u00bb css=\u00a0\u00bb.vc_custom_1527341407223{padding-top: 50px !important;padding-bottom: 50px !important;}\u00a0\u00bb]SBAU est une agence d\u2019architecture et d\u2019urbanisme qui exerce en France et au Luxembourg. [\/lab_heading][\/vc_column][\/vc_row][vc_row full_width=\u00a0\u00bbstretch_row_content_no_spaces\u00a0\u00bb parallax_enable=\u00a0\u00bbyes\u00a0\u00bb parallax_ratio=\u00a0\u00bb0.7&Prime; css=\u00a0\u00bb.vc_custom_1481639170902{margin-bottom: 0px !important;}\u00a0\u00bb][vc_column width=\u00a0\u00bb1\/2&Prime; reveal_effect=\u00a0\u00bbfadeIn\u00a0\u00bb reveal_duration=\u00a0\u00bb1&Prime; css=\u00a0\u00bb.vc_custom_1484297511165{margin-right: 0px !important;padding-right: 0px !important;}\u00a0\u00bb offset=\u00a0\u00bbvc_col-xs-12&Prime;][vc_single_image image=\u00a0\u00bb3778&Prime; img_size=\u00a0\u00bb400&#215;800&Prime; alignment=\u00a0\u00bbright\u00a0\u00bb css=\u00a0\u00bb.vc_custom_1527346068671{margin-bottom: 0px !important;}\u00a0\u00bb][\/vc_column][vc_column width=\u00a0\u00bb1\/2&Prime; reveal_effect=\u00a0\u00bbfadeIn\u00a0\u00bb css=\u00a0\u00bb.vc_custom_1428001406234{margin-left: 0px !important;padding-left: 0px !important;background-color: #ffffff !important;}\u00a0\u00bb reveal_duration=\u00a0\u00bb1&Prime;][lab_service_box css=\u00a0\u00bb.vc_custom_1428002404629{padding-top:&hellip;<\/p>\n","protected":false},"author":1,"featured_media":0,"parent":0,"menu_order":0,"comment_status":"open","ping_status":"closed","template":"","meta":[],"_links":{"self":[{"href":"https:\/\/sbau.archi\/index.php\/wp-json\/wp\/v2\/pages\/2359"}],"collection":[{"href":"https:\/\/sbau.archi\/index.php\/wp-json\/wp\/v2\/pages"}],"about":[{"href":"https:\/\/sbau.archi\/index.php\/wp-json\/wp\/v2\/types\/page"}],"author":[{"embeddable":true,"href":"https:\/\/sbau.archi\/index.php\/wp-json\/wp\/v2\/users\/1"}],"replies":[{"embeddable":true,"href":"https:\/\/sbau.archi\/index.php\/wp-json\/wp\/v2\/comments?post=2359"}],"version-history":[{"count":5,"href":"https:\/\/sbau.archi\/index.php\/wp-json\/wp\/v2\/pages\/2359\/revisions"}],"predecessor-version":[{"id":3777,"href":"https:\/\/sbau.archi\/index.php\/wp-json\/wp\/v2\/pages\/2359\/revisions\/3777"}],"wp:attachment":[{"href":"https:\/\/sbau.archi\/index.php\/wp-json\/wp\/v2\/media?parent=2359"}],"curies":[{"name":"wp","href":"https:\/\/api.w.org\/{rel}","templated":true}]}}